{"id":499,"date":"2024-05-13T11:28:39","date_gmt":"2024-05-13T09:28:39","guid":{"rendered":"https:\/\/www.letspass.eu\/home-page\/"},"modified":"2024-10-09T19:15:10","modified_gmt":"2024-10-09T17:15:10","slug":"home-page","status":"publish","type":"page","link":"https:\/\/www.letspass.eu\/it\/","title":{"rendered":"Home"},"content":{"rendered":"<div class=\"payoff-home\" style=\"background: url('https:\/\/www.letspass.eu\/wp-content\/uploads\/2024\/05\/letspass-1920x600-3-1.gif');\"><\/div>\n\n\n<div class=\"fascia-img-testo-cta bg-azure \">\n    <div class=\"fascia-img-testo-cta__inner container\">\n\n        <div class=\"grid-cols pos-left \">\n            <img decoding=\"async\" src=\"\" alt=\"\">\n\n            <div class=\"cta\">\n                <span class=\"title\">Il progetto<\/span>\n                <div class=\"text\"><p>&#8220;Let&#8217;s PASS&#8221; \u00e8 un&#8217;iniziativa dinamica e trasformativa che sfida le narrazioni esistenti sulla disabilit\u00e0 nelle arti dello spettacolo. Si tratta di un grido d&#8217;allarme per il cambiamento, che sollecita una nuova prospettiva e una maggiore inclusivit\u00e0. Il progetto si propone di affrontare la sottorappresentazione e la limitata visibilit\u00e0 degli artisti e del pubblico con disabilit\u00e0 cognitive e sensoriali all&#8217;interno degli spettacoli dal vivo e nel pi\u00f9 ampio ambito delle arti dello spettacolo.<br \/>\nPunti chiave:<br \/>\nNome del progetto: &#8220;Let&#8217;s PASS&#8221; (Promozione di spettacoli accessibili)<br \/>\nObiettivo: Promuovere l&#8217;accessibilit\u00e0, il coinvolgimento e la visibilit\u00e0 delle persone con disabilit\u00e0 cognitive e sensoriali nelle arti dello spettacolo.<br \/>\nFinanziamento: Co-finanziato dal Programma Europa Creativa dell&#8217;Unione Europea.<br \/>\nCollaboratori:<br \/>\nCoordinatore principale: Fondazione Arturo Toscanini (Italia)<br \/>\nOrganizzazioni partner:<br \/>\nACCAC (Finlandia)<br \/>\nEn Dynamei (Grecia)<br \/>\nStudio Citadela (Repubblica Ceca)<br \/>\nAttraverso strategie innovative, collaborazioni artistiche e coinvolgimento della comunit\u00e0, &#8220;Let&#8217;s PASS&#8221; cerca di creare un paesaggio culturale pi\u00f9 inclusivo e vibrante. Abbattendo le barriere e amplificando le voci, mira a trasformare le arti dello spettacolo in un&#8217;arena in cui tutti possano partecipare e prosperare.<\/p>\n<\/div>\n\n                            <\/div>\n\n        <\/div>\n\n    <\/div>\n<\/div>\n\n\n<div class=\"fascia-testo-btn bg-azure \">\n    <div class=\"fascia-testo-btn__inner container\">\n\n        <div class=\"wrapper\">\n            <div class=\"text\"><p>\u00abPartire dai bisogni dei bambini con maggiori difficolt\u00e0 e trasformarli in opportunit\u00e0 per tutti \u00e8 il punto di partenza per ogni tipo di cambiamento.\u00bb<\/p>\n<p>&nbsp;<\/p>\n<p>Beatrice Vitali<br \/>\n[dal libro &#8220;Letture Inclusioni&#8221; di Emili e Macchia].<\/p>\n<\/div>\n                    <\/div>\n\n    <\/div>\n<\/div>\n\n<div class=\"fascia-partner\">\n    <div class=\"fascia-partner__inner container\">\n\n                    <span class=\"title\">Partners<\/span>\n        \n                    <div class=\"elenco-partners\">\n                \n                    <div class=\"partner\">\n                        <img decoding=\"async\" src=\"https:\/\/www.letspass.eu\/wp-content\/uploads\/2024\/05\/About-us-Fondazione-Toscanini-1.jpg\" alt=\"About us - Fondazione Toscanini\">\n\n                                                    <p class=\"name\">Fondazione Arturo Toscanini | Italy<\/p>\n                                            <\/div>\n\n                \n                    <div class=\"partner\">\n                        <img decoding=\"async\" src=\"https:\/\/www.letspass.eu\/wp-content\/uploads\/2024\/10\/Finland_ACCAC.png\" alt=\"Finland_ACCAC\">\n\n                                                    <p class=\"name\">ACCAC | Finland<\/p>\n                                            <\/div>\n\n                \n                    <div class=\"partner\">\n                        <img decoding=\"async\" src=\"https:\/\/www.letspass.eu\/wp-content\/uploads\/2024\/05\/About-us-En-Dynamei.jpg\" alt=\"About us - En Dynamei\">\n\n                                                    <p class=\"name\">En Dynamei | Greece<\/p>\n                                            <\/div>\n\n                \n                    <div class=\"partner\">\n                        <img decoding=\"async\" src=\"https:\/\/www.letspass.eu\/wp-content\/uploads\/2024\/05\/About-us-Studio-Citadela.jpg\" alt=\"About us- Studio Citadela\">\n\n                                                    <p class=\"name\">Studio Citadela | Czech Republic<\/p>\n                                            <\/div>\n\n                            <\/div>\n        \n        \n    <\/div>\n<\/div>\n\n\n<div class=\"fascia-img-testo-cta bg-azure \">\n    <div class=\"fascia-img-testo-cta__inner container\">\n\n        <div class=\"grid-cols pos-left \">\n            <img decoding=\"async\" src=\"\" alt=\"\">\n\n            <div class=\"cta\">\n                <span class=\"title\">Il progetto<\/span>\n                <div class=\"text\"><p>&#8220;Let&#8217;s PASS&#8221; \u00e8 una chiamata all&#8217;azione, un appello per un cambiamento di prospettiva, una contro-narrazione della disabilit\u00e0 nelle arti dello spettacolo. PASS &#8211; Promoting Accessible Shows \u00e8 un progetto internazionale, cofinanziato dal Programma Europa Creativa dell&#8217;Unione Europea, che affronta il problema della mancanza di ingaggio e visibilit\u00e0 per gli artisti e il pubblico con disabilit\u00e0 cognitive e sensoriali negli spettacoli dal vivo e nelle arti performative. Il progetto \u00e8 coordinato dalla Fondazione Arturo Toscanini (Italia) con ACCAC (Finlandia), En Dynamei (Grecia) e Studio Citadela (Repubblica Ceca).<\/p>\n<\/div>\n\n                            <\/div>\n\n        <\/div>\n\n    <\/div>\n<\/div>\n\n\n<div class=\"fascia-testo bg-white \">\n    <div class=\"fascia-testo__inner container\">\n\n        <div class=\"wrapper\">\n            <div class=\"text\"><p>Siamo tutti individui unici, ognuno dei quali vanta tratti fisici, personalit\u00e0, background, credenze, orientamenti sessuali e abilit\u00e0 uniche. Eppure, in mezzo a questa gloriosa diversit\u00e0, condividiamo un filo comune: il codice genetico, il luogo di nascita, i talenti e le preferenze individuali. Mentre la nostra identit\u00e0 individuale ci distingue, la diversit\u00e0 tra noi ci unisce, rendendoci ugualmente notevoli e insostituibili come individui e favorendo una collaborazione efficace come collettivo.<\/p>\n<p>&nbsp;<\/p>\n<p>All&#8217;interno del progetto PASS, la diversit\u00e0 non \u00e8 solo valorizzata, ma \u00e8 un&#8217;opportunit\u00e0 di crescita personale e comunitaria. Il nostro obiettivo \u00e8 quello di stabilire un nuovo approccio alle arti performative in cui tutti gli artisti possano sentirsi protagonisti ed esprimere il proprio mestiere liberamente, senza barriere, con spettacoli accessibili a tutti.<\/p>\n<p>&nbsp;<\/p>\n<h3>Panoramica del progetto: &#8220;Creazione di spettacoli accessibili<\/h3>\n<p>&nbsp;<\/p>\n<p>In questa innovativa iniziativa europea, i partner collaborano per produrre uno spettacolo pilota inclusivo e multidisciplinare. Utilizzando tecnologie assistive, musica, teatro, danza e arti visive, il progetto coinvolge attivamente gli artisti con disabilit\u00e0 nel processo creativo.<\/p>\n<p>&nbsp;<\/p>\n<h3>Fasi chiave:<\/h3>\n<p>&nbsp;<\/p>\n<p>Valutazione dei bisogni: I partner analizzano i requisiti e le migliori pratiche, coinvolgendo rappresentanti di istituzioni, scuole e associazioni. Insieme, creano linee guida per spettacoli accessibili.<\/p>\n<p>&nbsp;<\/p>\n<p>Co-creazione: Artisti disabili e alunni della scuola primaria collaborano allo sviluppo della performance pilota, integrando tecnologia e linguaggi artistici.<\/p>\n<p>&nbsp;<\/p>\n<p>Laboratori e residenze: Laboratori sperimentali nelle scuole e residenze artistiche perfezionano la performance, mentre il personale riceve una formazione sull&#8217;accessibilit\u00e0.<\/p>\n<p>&nbsp;<\/p>\n<p>Debutto e tourn\u00e9e: Lo spettacolo debutta in Italia nel marzo 2025 e successivamente viene portato in tourn\u00e9e nei Paesi partner.<\/p>\n<p>&nbsp;<\/p>\n<p>Il principale risultato del progetto sar\u00e0 un modello di riferimento per spettacoli altamente accessibili, completo di elementi multimediali e linee guida complete.<\/p>\n<p>&nbsp;<\/p>\n<h3>Tema<\/h3>\n<p>&nbsp;<\/p>\n<p>Lo spettacolo ruoter\u00e0 intorno al tema Celebrare la vita. Esploreremo queste domande:<\/p>\n<p>&nbsp;<\/p>\n<p>Come si celebra la vita?<br \/>\nCosa si celebra nella propria vita?<br \/>\nCosa ci permette di celebrare la vita?<br \/>\nCosa fareste se fosse l&#8217;ultimo giorno del mondo?<\/p>\n<p>&nbsp;<\/p>\n<p>Ogni partner contribuir\u00e0 con la propria prospettiva creativa a questo tema. Dopo una discussione collaborativa, concorderemo l&#8217;approccio generale e l&#8217;estetica della performance.<\/p>\n<p>&nbsp;<\/p>\n<h3>Obiettivi<\/h3>\n<ul>\n<li>Sviluppare la capacit\u00e0 degli operatori dello spettacolo di creare contenuti artistici accessibili<\/li>\n<li>Creare un confronto permanente multi-stakeholder sull&#8217;accessibilit\u00e0 nelle arti<\/li>\n<li>Aumentare il riconoscimento e la mobilit\u00e0 degli spettacoli con artisti con disabilit\u00e0 in Europa.<\/li>\n<li>Aumentare l&#8217;audience con un focus sui bambini con disabilit\u00e0 sensoriali e cognitive<\/li>\n<\/ul>\n<p>&nbsp;<\/p>\n<h3>Risultati<\/h3>\n<ul>\n<li>Aumento delle competenze e dell&#8217;occupabilit\u00e0 degli artisti con disabilit\u00e0<\/li>\n<li>Maggiore interesse e partecipazione dei bambini alla creativit\u00e0 e alle arti dello spettacolo<\/li>\n<li>Aumento della capacit\u00e0 delle organizzazioni culturali di cooperare per la realizzazione di opere artistiche congiunte ad alto valore sociale.<\/li>\n<li>Co-creazione di linee guida per la creazione di spettacoli altamente accessibili<\/li>\n<\/ul>\n<p>&nbsp;<\/p>\n<h3>Tempistiche<\/h3>\n<ul>\n<li>Data di inizio del progetto: 1\u00b0 gennaio 2024<\/li>\n<li>Durata del progetto: 25 mesi<\/li>\n<li>Oggetto: Programma Europa Creativa (CREA)<\/li>\n<\/ul>\n<\/div>\n        <\/div>\n\n    <\/div>\n<\/div>\n\n\n<div class=\"wp-block-cp-timeline-content-timeline Cool-Content-Timeline\"><div class=\"cool-timeline-block-a1212879-f15b-481f-b350-5bcf4b77b8b1\"><div class=\"cool-vertical-timeline-body ctlb-wrapper both-sided left\"><div class=\"cool-timeline-block-list\">\n<div class=\"wp-block-cp-timeline-content-timeline-child swiper-slide\"><div class=\"timeline-content icon-false \"><div class=\"timeline-block-timeline ctl-row  position-right\"><div class=\"ctl-6 timeline-block-time\"><div class=\"story-time\"><p>Fase 1<\/p><\/div><\/div><div class=\"timeline-block-icon\"><svg stroke=\"currentColor\" fill=\"currentColor\" stroke-width=\"0\" viewBox=\"0 0 512 512\" height=\"1em\" width=\"1em\" xmlns=\"http:\/\/www.w3.org\/2000\/svg\"><path d=\"M256 8C119 8 8 119 8 256s111 248 248 248 248-111 248-248S393 8 256 8z\"><\/path><\/svg><\/div><div class=\"ctl-6 timeline-block-detail\"><div class=\"story-details\"><div class=\"story-content\">\n<h3 class=\"wp-block-heading ctlb-block-title\" style=\"padding-top:0px;padding-right:0px;padding-bottom:0px;padding-left:0px\">Studio<\/h3>\n\n\n\n<p class=\"ctlb-block-desc\" style=\"padding-top:0px;padding-right:0px;padding-bottom:0px;padding-left:0px\">Ogni partner, lavorando con gli stakeholder, le comunit\u00e0 di disabili, gli operatori culturali, i tecnici e i professionisti della scuola, raccoglier\u00e0 informazioni sui bisogni e sulle possibili soluzioni. I partner evidenzieranno i problemi affrontati dalle persone disabili e le possibili soluzioni da implementare nei luoghi e negli spettacoli dal vivo.<\/p>\n<\/div><\/div><\/div><\/div><\/div><\/div>\n\n\n\n<div class=\"wp-block-cp-timeline-content-timeline-child swiper-slide\"><div class=\"timeline-content icon-false \"><div class=\"timeline-block-timeline ctl-row  position-left\"><div class=\"ctl-6 timeline-block-time\"><div class=\"story-time\"><p>Fase 2<\/p><\/div><\/div><div class=\"timeline-block-icon\"><svg stroke=\"currentColor\" fill=\"currentColor\" stroke-width=\"0\" viewBox=\"0 0 512 512\" height=\"1em\" width=\"1em\" xmlns=\"http:\/\/www.w3.org\/2000\/svg\"><path d=\"M256 8C119 8 8 119 8 256s111 248 248 248 248-111 248-248S393 8 256 8z\"><\/path><\/svg><\/div><div class=\"ctl-6 timeline-block-detail\"><div class=\"story-details\"><div class=\"story-content\">\n<h3 class=\"wp-block-heading ctlb-block-title\" style=\"padding-top:0px;padding-right:0px;padding-bottom:0px;padding-left:0px\">Residenza artistica online e spettacoli dal vivo<\/h3>\n\n\n\n<p class=\"ctlb-block-desc\" style=\"padding-top:0px;padding-right:0px;padding-bottom:0px;padding-left:0px\">Un team di artisti e un coach parteciperanno a una residenza artistica online, con l&#8217;obiettivo di allestire uno spettacolo performativo in grado di coinvolgere persone con diverse tipologie di disabilit\u00e0. Lo spettacolo sar\u00e0 rappresentato in 4 spettacoli dal vivo. L&#8217;evento consentir\u00e0 inoltre di raccogliere il feedback del pubblico sul funzionamento delle soluzioni implementate e sulla loro esperienza dello spettacolo stesso.<\/p>\n<\/div><\/div><\/div><\/div><\/div><\/div>\n\n\n\n<div class=\"wp-block-cp-timeline-content-timeline-child swiper-slide\"><div class=\"timeline-content icon-false \"><div class=\"timeline-block-timeline ctl-row  position-right\"><div class=\"ctl-6 timeline-block-time\"><div class=\"story-time\"><p>Fase 3<\/p><\/div><\/div><div class=\"timeline-block-icon\"><svg stroke=\"currentColor\" fill=\"currentColor\" stroke-width=\"0\" viewBox=\"0 0 512 512\" height=\"1em\" width=\"1em\" xmlns=\"http:\/\/www.w3.org\/2000\/svg\"><path d=\"M256 8C119 8 8 119 8 256s111 248 248 248 248-111 248-248S393 8 256 8z\"><\/path><\/svg><\/div><div class=\"ctl-6 timeline-block-detail\"><div class=\"story-details\"><div class=\"story-content\">\n<h3 class=\"wp-block-heading ctlb-block-title\" style=\"padding-top:0px;padding-right:0px;padding-bottom:0px;padding-left:0px\">Diffusione<\/h3>\n\n\n\n<p class=\"ctlb-block-desc\" style=\"padding-top:0px;padding-right:0px;padding-bottom:0px;padding-left:0px\">I partner valutano l&#8217;impatto e la fattibilit\u00e0 delle misure implementate, stilano un elenco di barriere che possono essere eliminate e suggeriscono soluzioni per affrontare i problemi degli eventi dal vivo. L&#8217;elenco dei suggerimenti sar\u00e0 diffuso attraverso la rete europea. Un follow-up degli obiettivi di diffusione mostrer\u00e0 l&#8217;analisi dell&#8217;impatto del funzionamento delle pratiche implementate e la loro replicabilit\u00e0 in altri spettacoli. La valutazione finale del progetto consentir\u00e0 la diffusione post-progetto in pi\u00f9 sedi e la possibilit\u00e0 di affrontare barriere e problemi nella fruizione degli spettacoli dal vivo, legati ad altri tipi di disabilit\u00e0.<\/p>\n<\/div><\/div><\/div><\/div><\/div><\/div>\n\n\n\n<div class=\"wp-block-cp-timeline-content-timeline-child swiper-slide\"><div class=\"timeline-content icon-false \"><div class=\"timeline-block-timeline ctl-row  position-left\"><div class=\"ctl-6 timeline-block-time\"><div class=\"story-time\"><p>Fase 4<\/p><\/div><\/div><div class=\"timeline-block-icon\"><svg stroke=\"currentColor\" fill=\"currentColor\" stroke-width=\"0\" viewBox=\"0 0 512 512\" height=\"1em\" width=\"1em\" xmlns=\"http:\/\/www.w3.org\/2000\/svg\"><path d=\"M256 8C119 8 8 119 8 256s111 248 248 248 248-111 248-248S393 8 256 8z\"><\/path><\/svg><\/div><div class=\"ctl-6 timeline-block-detail\"><div class=\"story-details\"><div class=\"story-content\">\n<h3 class=\"wp-block-heading ctlb-block-title\" style=\"padding-top:0px;padding-right:0px;padding-bottom:0px;padding-left:0px\">Creazione di una rete di accessibilit\u00e0<\/h3>\n\n\n\n<p class=\"ctlb-block-desc\" style=\"padding-top:0px;padding-right:0px;padding-bottom:0px;padding-left:0px\">PASS \u00e8 un punto di partenza, un modo per dimostrare che \u00e8 possibile coinvolgere artisti disabili in una performance dal vivo che sia davvero accessibile a tutti. Subito dopo i primi risultati dello studio e dopo aver raccolto i feedback durante gli eventi dal vivo, l&#8217;intenzione \u00e8 quella di creare una rete per replicare il modello di performance sviluppato durante PASS<\/p>\n<\/div><\/div><\/div><\/div><\/div><\/div>\n<\/div><\/div><\/div><\/div>\n","protected":false},"excerpt":{"rendered":"","protected":false},"author":1,"featured_media":0,"parent":0,"menu_order":0,"comment_status":"closed","ping_status":"closed","template":"","meta":{"_acf_changed":false,"footnotes":""},"class_list":["post-499","page","type-page","status-publish","hentry"],"acf":[],"yoast_head":"<!-- This site is optimized with the Yoast SEO plugin v27.3 - https:\/\/yoast.com\/product\/yoast-seo-wordpress\/ -->\n<title>Home | PASS - Promoting Accessible Shows<\/title>\n<meta name=\"description\" content=\"\u201dLet\u2019s PASS\u201d is a call to action, a call for a change of perspective, a counter-narrative of disabilities in the performing arts.\" \/>\n<meta name=\"robots\" content=\"index, follow, max-snippet:-1, max-image-preview:large, max-video-preview:-1\" \/>\n<link rel=\"canonical\" href=\"https:\/\/www.letspass.eu\/it\/\" \/>\n<meta property=\"og:locale\" content=\"it_IT\" \/>\n<meta property=\"og:type\" content=\"article\" \/>\n<meta property=\"og:title\" content=\"Home | PASS - Promoting Accessible Shows\" \/>\n<meta property=\"og:description\" content=\"\u201dLet\u2019s PASS\u201d is a call to action, a call for a change of perspective, a counter-narrative of disabilities in the performing arts.\" \/>\n<meta property=\"og:url\" content=\"https:\/\/www.letspass.eu\/it\/\" \/>\n<meta property=\"og:site_name\" content=\"PASS - Promoting Accessible Shows\" \/>\n<meta property=\"article:modified_time\" content=\"2024-10-09T17:15:10+00:00\" \/>\n<meta name=\"twitter:card\" content=\"summary_large_image\" \/>\n<meta name=\"twitter:label1\" content=\"Tempo di lettura stimato\" \/>\n\t<meta name=\"twitter:data1\" content=\"2 minuti\" \/>\n<script type=\"application\/ld+json\" class=\"yoast-schema-graph\">{\"@context\":\"https:\\\/\\\/schema.org\",\"@graph\":[{\"@type\":\"WebPage\",\"@id\":\"https:\\\/\\\/www.letspass.eu\\\/it\\\/\",\"url\":\"https:\\\/\\\/www.letspass.eu\\\/it\\\/\",\"name\":\"Home | PASS - Promoting Accessible Shows\",\"isPartOf\":{\"@id\":\"https:\\\/\\\/www.letspass.eu\\\/#website\"},\"datePublished\":\"2024-05-13T09:28:39+00:00\",\"dateModified\":\"2024-10-09T17:15:10+00:00\",\"description\":\"\u201dLet\u2019s PASS\u201d is a call to action, a call for a change of perspective, a counter-narrative of disabilities in the performing arts.\",\"breadcrumb\":{\"@id\":\"https:\\\/\\\/www.letspass.eu\\\/it\\\/#breadcrumb\"},\"inLanguage\":\"it-IT\",\"potentialAction\":[{\"@type\":\"ReadAction\",\"target\":[\"https:\\\/\\\/www.letspass.eu\\\/it\\\/\"]}]},{\"@type\":\"BreadcrumbList\",\"@id\":\"https:\\\/\\\/www.letspass.eu\\\/it\\\/#breadcrumb\",\"itemListElement\":[{\"@type\":\"ListItem\",\"position\":1,\"name\":\"Home\",\"item\":\"https:\\\/\\\/www.letspass.eu\\\/it\\\/\"},{\"@type\":\"ListItem\",\"position\":2,\"name\":\"Home\"}]},{\"@type\":\"WebSite\",\"@id\":\"https:\\\/\\\/www.letspass.eu\\\/#website\",\"url\":\"https:\\\/\\\/www.letspass.eu\\\/\",\"name\":\"PASS - Promoting Accessible Shows\",\"description\":\"\",\"publisher\":{\"@id\":\"https:\\\/\\\/www.letspass.eu\\\/#organization\"},\"potentialAction\":[{\"@type\":\"SearchAction\",\"target\":{\"@type\":\"EntryPoint\",\"urlTemplate\":\"https:\\\/\\\/www.letspass.eu\\\/?s={search_term_string}\"},\"query-input\":{\"@type\":\"PropertyValueSpecification\",\"valueRequired\":true,\"valueName\":\"search_term_string\"}}],\"inLanguage\":\"it-IT\"},{\"@type\":\"Organization\",\"@id\":\"https:\\\/\\\/www.letspass.eu\\\/#organization\",\"name\":\"PASS - Promoting Accessible Shows\",\"url\":\"https:\\\/\\\/www.letspass.eu\\\/\",\"logo\":{\"@type\":\"ImageObject\",\"inLanguage\":\"it-IT\",\"@id\":\"https:\\\/\\\/www.letspass.eu\\\/#\\\/schema\\\/logo\\\/image\\\/\",\"url\":\"https:\\\/\\\/www.letspass.eu\\\/wp-content\\\/uploads\\\/2024\\\/05\\\/logo-pass.png\",\"contentUrl\":\"https:\\\/\\\/www.letspass.eu\\\/wp-content\\\/uploads\\\/2024\\\/05\\\/logo-pass.png\",\"width\":339,\"height\":109,\"caption\":\"PASS - Promoting Accessible Shows\"},\"image\":{\"@id\":\"https:\\\/\\\/www.letspass.eu\\\/#\\\/schema\\\/logo\\\/image\\\/\"}}]}<\/script>\n<!-- \/ Yoast SEO plugin. -->","yoast_head_json":{"title":"Home | PASS - Promoting Accessible Shows","description":"\u201dLet\u2019s PASS\u201d is a call to action, a call for a change of perspective, a counter-narrative of disabilities in the performing arts.","robots":{"index":"index","follow":"follow","max-snippet":"max-snippet:-1","max-image-preview":"max-image-preview:large","max-video-preview":"max-video-preview:-1"},"canonical":"https:\/\/www.letspass.eu\/it\/","og_locale":"it_IT","og_type":"article","og_title":"Home | PASS - Promoting Accessible Shows","og_description":"\u201dLet\u2019s PASS\u201d is a call to action, a call for a change of perspective, a counter-narrative of disabilities in the performing arts.","og_url":"https:\/\/www.letspass.eu\/it\/","og_site_name":"PASS - Promoting Accessible Shows","article_modified_time":"2024-10-09T17:15:10+00:00","twitter_card":"summary_large_image","twitter_misc":{"Tempo di lettura stimato":"2 minuti"},"schema":{"@context":"https:\/\/schema.org","@graph":[{"@type":"WebPage","@id":"https:\/\/www.letspass.eu\/it\/","url":"https:\/\/www.letspass.eu\/it\/","name":"Home | PASS - Promoting Accessible Shows","isPartOf":{"@id":"https:\/\/www.letspass.eu\/#website"},"datePublished":"2024-05-13T09:28:39+00:00","dateModified":"2024-10-09T17:15:10+00:00","description":"\u201dLet\u2019s PASS\u201d is a call to action, a call for a change of perspective, a counter-narrative of disabilities in the performing arts.","breadcrumb":{"@id":"https:\/\/www.letspass.eu\/it\/#breadcrumb"},"inLanguage":"it-IT","potentialAction":[{"@type":"ReadAction","target":["https:\/\/www.letspass.eu\/it\/"]}]},{"@type":"BreadcrumbList","@id":"https:\/\/www.letspass.eu\/it\/#breadcrumb","itemListElement":[{"@type":"ListItem","position":1,"name":"Home","item":"https:\/\/www.letspass.eu\/it\/"},{"@type":"ListItem","position":2,"name":"Home"}]},{"@type":"WebSite","@id":"https:\/\/www.letspass.eu\/#website","url":"https:\/\/www.letspass.eu\/","name":"PASS - Promoting Accessible Shows","description":"","publisher":{"@id":"https:\/\/www.letspass.eu\/#organization"},"potentialAction":[{"@type":"SearchAction","target":{"@type":"EntryPoint","urlTemplate":"https:\/\/www.letspass.eu\/?s={search_term_string}"},"query-input":{"@type":"PropertyValueSpecification","valueRequired":true,"valueName":"search_term_string"}}],"inLanguage":"it-IT"},{"@type":"Organization","@id":"https:\/\/www.letspass.eu\/#organization","name":"PASS - Promoting Accessible Shows","url":"https:\/\/www.letspass.eu\/","logo":{"@type":"ImageObject","inLanguage":"it-IT","@id":"https:\/\/www.letspass.eu\/#\/schema\/logo\/image\/","url":"https:\/\/www.letspass.eu\/wp-content\/uploads\/2024\/05\/logo-pass.png","contentUrl":"https:\/\/www.letspass.eu\/wp-content\/uploads\/2024\/05\/logo-pass.png","width":339,"height":109,"caption":"PASS - Promoting Accessible Shows"},"image":{"@id":"https:\/\/www.letspass.eu\/#\/schema\/logo\/image\/"}}]}},"_links":{"self":[{"href":"https:\/\/www.letspass.eu\/it\/wp-json\/wp\/v2\/pages\/499","targetHints":{"allow":["GET"]}}],"collection":[{"href":"https:\/\/www.letspass.eu\/it\/wp-json\/wp\/v2\/pages"}],"about":[{"href":"https:\/\/www.letspass.eu\/it\/wp-json\/wp\/v2\/types\/page"}],"author":[{"embeddable":true,"href":"https:\/\/www.letspass.eu\/it\/wp-json\/wp\/v2\/users\/1"}],"replies":[{"embeddable":true,"href":"https:\/\/www.letspass.eu\/it\/wp-json\/wp\/v2\/comments?post=499"}],"version-history":[{"count":10,"href":"https:\/\/www.letspass.eu\/it\/wp-json\/wp\/v2\/pages\/499\/revisions"}],"predecessor-version":[{"id":894,"href":"https:\/\/www.letspass.eu\/it\/wp-json\/wp\/v2\/pages\/499\/revisions\/894"}],"wp:attachment":[{"href":"https:\/\/www.letspass.eu\/it\/wp-json\/wp\/v2\/media?parent=499"}],"curies":[{"name":"wp","href":"https:\/\/api.w.org\/{rel}","templated":true}]}}