{"id":391,"date":"2024-05-13T11:28:39","date_gmt":"2024-05-13T09:28:39","guid":{"rendered":"https:\/\/www.letspass.eu\/home-page\/"},"modified":"2024-10-09T19:15:59","modified_gmt":"2024-10-09T17:15:59","slug":"home-page","status":"publish","type":"page","link":"https:\/\/www.letspass.eu\/cs\/","title":{"rendered":"Home"},"content":{"rendered":"<div class=\"payoff-home\" style=\"background: url('https:\/\/www.letspass.eu\/wp-content\/uploads\/2024\/05\/letspass-1920x600-3-1.gif');\"><\/div>\n\n\n<div class=\"fascia-img-testo-cta bg-azure \">\n    <div class=\"fascia-img-testo-cta__inner container\">\n\n        <div class=\"grid-cols pos-left \">\n            <img decoding=\"async\" src=\"\" alt=\"\">\n\n            <div class=\"cta\">\n                <span class=\"title\">Projekt<\/span>\n                <div class=\"text\"><p>\u201eLet&#8217;s PASS\u201c je dynamick\u00e1 a transformativn\u00ed iniciativa, kter\u00e1 zpochyb\u0148uje st\u00e1vaj\u00edc\u00ed narativy t\u00fdkaj\u00edc\u00ed se posti\u017een\u00ed v oblasti sc\u00e9nick\u00e9ho um\u011bn\u00ed. Slou\u017e\u00ed jako v\u00fdzva ke zm\u011bn\u011b a vyz\u00fdv\u00e1 k nov\u00e9mu pohledu a v\u011bt\u0161\u00ed inkluzivit\u011b. Hlavn\u00edm c\u00edlem projektu je \u0159e\u0161it nedostate\u010dn\u00e9 zastoupen\u00ed a omezenou viditelnost um\u011blc\u016f a div\u00e1k\u016f s kognitivn\u00edm a smyslov\u00fdm posti\u017een\u00edm v r\u00e1mci \u017eiv\u00fdch p\u0159edstaven\u00ed i v \u0161ir\u0161\u00edm kontextu sc\u00e9nick\u00fdch um\u011bn\u00ed.<br \/>\nKl\u00ed\u010dov\u00e9 body:<br \/>\nN\u00e1zev projektu: Projekt: \u201eLet&#8217;s PASS\u201c (Podpora p\u0159\u00edstupn\u00fdch p\u0159edstaven\u00ed)<br \/>\nC\u00edl projektu: Podpo\u0159it p\u0159\u00edstupnost, zapojen\u00ed a zviditeln\u011bn\u00ed osob s kognitivn\u00edm a smyslov\u00fdm posti\u017een\u00edm v oblasti sc\u00e9nick\u00e9ho um\u011bn\u00ed.<br \/>\nFinancov\u00e1n\u00ed: Spolufinancov\u00e1no z programu Kreativn\u00ed Evropa Evropsk\u00e9 unie.<br \/>\nSpolupracovn\u00edci: Mgr:<br \/>\nVedouc\u00ed koordin\u00e1tor: Mgr: Fondazione Arturo Toscanini (It\u00e1lie)<br \/>\nPartnersk\u00e9 organizace:<br \/>\nACCAC (Finsko)<br \/>\nEn Dynamei (\u0158ecko)<br \/>\nStudio Citadela (\u010cesk\u00e1 republika)<br \/>\nProst\u0159ednictv\u00edm inovativn\u00edch strategi\u00ed, um\u011bleck\u00fdch spoluprac\u00ed a zapojen\u00ed komunity se projekt \u201eLet&#8217;s PASS\u201c sna\u017e\u00ed vytvo\u0159it inkluzivn\u011bj\u0161\u00ed a \u017eiv\u011bj\u0161\u00ed kulturn\u00ed prost\u0159ed\u00ed. Odbour\u00e1v\u00e1n\u00edm bari\u00e9r a zesilov\u00e1n\u00edm hlas\u016f chce prom\u011bnit sc\u00e9nick\u00e9 um\u011bn\u00ed na oblast, kde se m\u016f\u017ee ka\u017ed\u00fd \u00fa\u010dastnit a rozv\u00edjet.<\/p>\n<\/div>\n\n                            <\/div>\n\n        <\/div>\n\n    <\/div>\n<\/div>\n\n\n<div class=\"fascia-testo-btn bg-azure \">\n    <div class=\"fascia-testo-btn__inner container\">\n\n        <div class=\"wrapper\">\n            <div class=\"text\"><p>\u00abVych\u00e1zet z pot\u0159eb d\u011bt\u00ed s nejv\u011bt\u0161\u00edmi obt\u00ed\u017eemi a p\u0159etv\u00e1\u0159et je v p\u0159\u00edle\u017eitosti pro v\u0161echny je v\u00fdchoz\u00edm bodem pro v\u0161echny druhy zm\u011bn.\u00bb<\/p>\n<p>&nbsp;<\/p>\n<p>Beatrice Vitali<br \/>\n[z knihy \u201eReading Inclusioni\u201c autor\u016f Emili a Macchia].<\/p>\n<\/div>\n                    <\/div>\n\n    <\/div>\n<\/div>\n\n<div class=\"fascia-partner\">\n    <div class=\"fascia-partner__inner container\">\n\n                    <span class=\"title\">Partners<\/span>\n        \n                    <div class=\"elenco-partners\">\n                \n                    <div class=\"partner\">\n                        <img decoding=\"async\" src=\"https:\/\/www.letspass.eu\/wp-content\/uploads\/2024\/05\/About-us-Fondazione-Toscanini-1.jpg\" alt=\"About us - Fondazione Toscanini\">\n\n                                                    <p class=\"name\">Fondazione Arturo Toscanini | Italy<\/p>\n                                            <\/div>\n\n                \n                    <div class=\"partner\">\n                        <img decoding=\"async\" src=\"https:\/\/www.letspass.eu\/wp-content\/uploads\/2024\/10\/Finland_ACCAC.png\" alt=\"Finland_ACCAC\">\n\n                                                    <p class=\"name\">ACCAC | Finland<\/p>\n                                            <\/div>\n\n                \n                    <div class=\"partner\">\n                        <img decoding=\"async\" src=\"https:\/\/www.letspass.eu\/wp-content\/uploads\/2024\/05\/About-us-En-Dynamei.jpg\" alt=\"About us - En Dynamei\">\n\n                                                    <p class=\"name\">En Dynamei | Greece<\/p>\n                                            <\/div>\n\n                \n                    <div class=\"partner\">\n                        <img decoding=\"async\" src=\"https:\/\/www.letspass.eu\/wp-content\/uploads\/2024\/05\/About-us-Studio-Citadela.jpg\" alt=\"About us- Studio Citadela\">\n\n                                                    <p class=\"name\">Studio Citadela | Czech Republic<\/p>\n                                            <\/div>\n\n                            <\/div>\n        \n        \n    <\/div>\n<\/div>\n\n\n<div class=\"fascia-img-testo-cta bg-azure \">\n    <div class=\"fascia-img-testo-cta__inner container\">\n\n        <div class=\"grid-cols pos-left \">\n            <img decoding=\"async\" src=\"\" alt=\"\">\n\n            <div class=\"cta\">\n                <span class=\"title\">Projektu<\/span>\n                <div class=\"text\"><p>Let&#8217;s PASS: transformativn\u00ed iniciativa v oblasti sc\u00e9nick\u00fdch um\u011bn\u00ed. C\u00edlem tohoto mezin\u00e1rodn\u00edho projektu, spolufinancovan\u00e9ho programem Kreativn\u00ed Evropa, je zlep\u0161it zapojen\u00ed a zviditeln\u011bn\u00ed um\u011blc\u016f a div\u00e1k\u016f s kognitivn\u00edm a smyslov\u00fdm posti\u017een\u00edm. Projekt je realizov\u00e1n Nadac\u00ed Artura Toscaniniho (It\u00e1lie) ve spolupr\u00e1ci s ACCAC (Finsko), En Dynamei (\u0158ecko) a Studiem Citadela (\u010cesk\u00e1 republika).<\/p>\n<\/div>\n\n                            <\/div>\n\n        <\/div>\n\n    <\/div>\n<\/div>\n\n\n<div class=\"fascia-testo bg-white \">\n    <div class=\"fascia-testo__inner container\">\n\n        <div class=\"wrapper\">\n            <div class=\"text\"><p>V\u0161ichni jsme jedine\u010dn\u00ed jednotlivci, ka\u017ed\u00fd z n\u00e1s m\u00e1 jedine\u010dn\u00e9 fyzick\u00e9 rysy, osobnost, p\u016fvod, p\u0159esv\u011bd\u010den\u00ed, sexu\u00e1ln\u00ed orientaci a schopnosti. P\u0159esto n\u00e1s uprost\u0159ed t\u00e9to n\u00e1dhern\u00e9 rozmanitosti spojuje genetick\u00fd k\u00f3d, m\u00edsto narozen\u00ed a individu\u00e1ln\u00ed nad\u00e1n\u00ed a preference. Zat\u00edmco na\u0161e individu\u00e1ln\u00ed identita n\u00e1s odli\u0161uje, rozmanitost mezi n\u00e1mi n\u00e1s spojuje, co\u017e n\u00e1s \u010din\u00ed stejn\u011b pozoruhodn\u00fdmi a nenahraditeln\u00fdmi jako jednotlivce a podporuje efektivn\u00ed spolupr\u00e1ci jako kolektiv.<\/p>\n<p>&nbsp;<\/p>\n<p>V r\u00e1mci projektu PASS je rozmanitost nejen cen\u011bna, ale je vn\u00edm\u00e1na jako p\u0159\u00edle\u017eitost pro osobn\u00ed a komunitn\u00ed r\u016fst. Na\u0161\u00edm c\u00edlem je vytvo\u0159it nov\u00fd p\u0159\u00edstup k jevi\u0161tn\u00edmu um\u011bn\u00ed, v n\u011bm\u017e se v\u0161ichni um\u011blci mohou c\u00edtit jako hlavn\u00ed akt\u00e9\u0159i a svobodn\u011b vyjad\u0159ovat sv\u00e9 um\u011bn\u00ed, neomezeni \u017e\u00e1dn\u00fdmi bari\u00e9rami, a z\u00e1rove\u0148 nab\u00eddnout p\u0159edstaven\u00ed, kter\u00e1 budou p\u0159\u00edstupn\u00e1 pro v\u0161echny.<\/p>\n<p>&nbsp;<\/p>\n<h3>P\u0159ehled projektu: \u201eVytv\u00e1\u0159en\u00ed p\u0159\u00edstupn\u00fdch p\u0159edstaven\u00ed\u201c<\/h3>\n<p>&nbsp;<\/p>\n<p>V r\u00e1mci t\u00e9to pr\u016fkopnick\u00e9 evropsk\u00e9 iniciativy spolupracuj\u00ed partne\u0159i na vytvo\u0159en\u00ed inkluzivn\u00edho, multidisciplin\u00e1rn\u00edho pilotn\u00edho p\u0159edstaven\u00ed. Projekt vyu\u017e\u00edv\u00e1 asistivn\u00ed technologie, hudbu, divadlo, tanec a v\u00fdtvarn\u00e9 um\u011bn\u00ed a aktivn\u011b zapojuje um\u011blce s posti\u017een\u00edm do tv\u016fr\u010d\u00edho procesu.<\/p>\n<p>&nbsp;<\/p>\n<h3>Kl\u00ed\u010dov\u00e9 kroky:<\/h3>\n<p>&nbsp;<\/p>\n<p>Posouzen\u00ed pot\u0159eb: Partne\u0159i analyzuj\u00ed po\u017eadavky a osv\u011bd\u010den\u00e9 postupy a zapojuj\u00ed z\u00e1stupce instituc\u00ed, \u0161kol a sdru\u017een\u00ed. Spole\u010dn\u011b vytv\u00e1\u0159ej\u00ed sm\u011brnice pro p\u0159\u00edstupn\u00e1 p\u0159edstaven\u00ed.<\/p>\n<p>&nbsp;<\/p>\n<p>Spoluvytv\u00e1\u0159en\u00ed: Zdravotn\u011b posti\u017een\u00ed um\u011blci a \u017e\u00e1ci z\u00e1kladn\u00edch \u0161kol spolupracuj\u00ed na v\u00fdvoji pilotn\u00edho p\u0159edstaven\u00ed, kter\u00e9 integruje technologie a um\u011bleck\u00e9 jazyky.<\/p>\n<p>&nbsp;<\/p>\n<p>Workshopy a rezidence: Experiment\u00e1ln\u00ed workshopy ve \u0161kol\u00e1ch a um\u011bleck\u00e9 rezidence zdokonaluj\u00ed p\u0159edstaven\u00ed, zat\u00edmco person\u00e1l absolvuje \u0161kolen\u00ed o p\u0159\u00edstupnosti.<\/p>\n<p>&nbsp;<\/p>\n<p>Premi\u00e9ra a turn\u00e9: P\u0159edstaven\u00ed m\u00e1 premi\u00e9ru v It\u00e1lii v b\u0159eznu 2025 a n\u00e1sledn\u011b se vyd\u00e1 na turn\u00e9 po partnersk\u00fdch zem\u00edch.<\/p>\n<p>&nbsp;<\/p>\n<p>Hlavn\u00edm \u00fasp\u011bchem projektu bude referen\u010dn\u00ed model pro vysoce p\u0159\u00edstupn\u00e1 p\u0159edstaven\u00ed, dopln\u011bn\u00fd o multimedi\u00e1ln\u00ed prvky a podrobn\u00e9 pokyny.<\/p>\n<p>&nbsp;<\/p>\n<h3>T\u00e9ma<\/h3>\n<p>&nbsp;<\/p>\n<p>P\u0159edstaven\u00ed se bude to\u010dit kolem t\u00e9matu Oslava \u017eivota. Budeme se zab\u00fdvat t\u011bmito ot\u00e1zkami:<\/p>\n<p>&nbsp;<\/p>\n<p>Jak oslavujete \u017eivot?<br \/>\nCo oslavujete ve sv\u00e9m \u017eivot\u011b?<br \/>\nCo n\u00e1m umo\u017e\u0148uje oslavovat \u017eivot?<br \/>\nCo byste ud\u011blali, kdyby byl posledn\u00ed den na sv\u011bt\u011b?<\/p>\n<p>&nbsp;<\/p>\n<p>Ka\u017ed\u00fd partner p\u0159isp\u011bje sv\u00fdm jedine\u010dn\u00fdm tv\u016fr\u010d\u00edm pohledem na toto t\u00e9ma. Po spole\u010dn\u00e9 diskusi se dohodneme na celkov\u00e9m p\u0159\u00edstupu a estetice p\u0159edstaven\u00ed.<\/p>\n<p>&nbsp;<\/p>\n<h3>C\u00edle<\/h3>\n<ul>\n<li>Rozvoj kapacit pracovn\u00edk\u016f sc\u00e9nick\u00fdch um\u011bn\u00ed vytv\u00e1\u0159et p\u0159\u00edstupn\u00e9 um\u011bleck\u00e9 obsahy.<\/li>\n<li>Vytvo\u0159en\u00ed trval\u00e9 platformy pro v\u00edce-stranovou spolupr\u00e1ci a diskusi o p\u0159\u00edstupnosti v um\u011bn\u00ed.<\/li>\n<li>Zv\u00fd\u0161en\u00ed pov\u011bdom\u00ed a mobility p\u0159edstaven\u00ed s um\u011blci se zdravotn\u00edm posti\u017een\u00edm v Evrop\u011b.<\/li>\n<li>Zvy\u0161ov\u00e1n\u00ed po\u010dtu div\u00e1k\u016f se zam\u011b\u0159en\u00edm na d\u011bti se smyslov\u00fdm a kognitivn\u00edm posti\u017een\u00edm.<\/li>\n<\/ul>\n<p>&nbsp;<\/p>\n<h3>V\u00fdsledky<\/h3>\n<ul>\n<li>Zv\u00fd\u0161en\u00e1 dovednost a zam\u011bstnatelnost um\u011blc\u016f se zdravotn\u00edm posti\u017een\u00edm<\/li>\n<li>Zv\u00fd\u0161en\u00fd z\u00e1jem a \u00fa\u010dast d\u011bt\u00ed v oblasti kreativity a sc\u00e9nick\u00e9ho um\u011bn\u00ed.<\/li>\n<li>Pos\u00edlen\u00e1 schopnost kulturn\u00edch organizac\u00ed spolupracovat na spole\u010dn\u00fdch um\u011bleck\u00fdch d\u00edlech s vysokou spole\u010denskou hodnotou.<\/li>\n<li>Spolupr\u00e1ce na tvorb\u011b sm\u011brnic pro tvorbu vysoce p\u0159\u00edstupn\u00fdch p\u0159edstaven\u00ed.<\/li>\n<\/ul>\n<p>&nbsp;<\/p>\n<h3>Na\u010dasov\u00e1n\u00ed<\/h3>\n<ul>\n<li>Datum zah\u00e1jen\u00ed projektu: 1. ledna 2024<\/li>\n<li>Doba trv\u00e1n\u00ed projektu: 25 m\u011bs\u00edc\u016f<\/li>\n<li>P\u0159edm\u011bt projektu: Program Kreativn\u00ed Evropa (CREA)<\/li>\n<\/ul>\n<\/div>\n        <\/div>\n\n    <\/div>\n<\/div>\n\n\n<div class=\"wp-block-cp-timeline-content-timeline Cool-Content-Timeline\"><div class=\"cool-timeline-block-343a5377-fb90-45d5-bc4a-406e18f7d2db\"><div class=\"cool-vertical-timeline-body ctlb-wrapper both-sided left\"><div class=\"cool-timeline-block-list\">\n<div class=\"wp-block-cp-timeline-content-timeline-child swiper-slide\"><div class=\"timeline-content icon-false \"><div class=\"timeline-block-timeline ctl-row  position-right\"><div class=\"ctl-6 timeline-block-time\"><div class=\"story-time\"><p>F\u00e1ze 1<\/p><\/div><\/div><div class=\"timeline-block-icon\"><svg stroke=\"currentColor\" fill=\"currentColor\" stroke-width=\"0\" viewBox=\"0 0 512 512\" height=\"1em\" width=\"1em\" xmlns=\"http:\/\/www.w3.org\/2000\/svg\"><path d=\"M256 8C119 8 8 119 8 256s111 248 248 248 248-111 248-248S393 8 256 8z\"><\/path><\/svg><\/div><div class=\"ctl-6 timeline-block-detail\"><div class=\"story-details\"><div class=\"story-content\">\n<h3 class=\"wp-block-heading ctlb-block-title\" style=\"padding-top:0px;padding-right:0px;padding-bottom:0px;padding-left:0px\">Studie<\/h3>\n\n\n\n<p class=\"ctlb-block-desc\" style=\"padding-top:0px;padding-right:0px;padding-bottom:0px;padding-left:0px\">Ka\u017ed\u00fd partner, ve spolupr\u00e1ci se z\u00fa\u010dastn\u011bn\u00fdmi stranami, komunitami osob se zdravotn\u00edm posti\u017een\u00edm, kulturn\u00edmi subjekty, techniky a odborn\u00edky ze \u0161kol, shrom\u00e1\u017ed\u00ed informace o pot\u0159eb\u00e1ch a mo\u017en\u00fdch \u0159e\u0161en\u00edch. Partne\u0159i pouk\u00e1\u017eou na probl\u00e9my, s nimi\u017e se pot\u00fdkaj\u00ed osoby se zdravotn\u00edm posti\u017een\u00edm, a na mo\u017en\u00e1 \u0159e\u0161en\u00ed, kter\u00e1 by m\u011bla b\u00fdt zavedena na \u017eiv\u00fdch akc\u00edch a p\u0159edstaven\u00edch.<\/p>\n<\/div><\/div><\/div><\/div><\/div><\/div>\n\n\n\n<div class=\"wp-block-cp-timeline-content-timeline-child swiper-slide\"><div class=\"timeline-content icon-false \"><div class=\"timeline-block-timeline ctl-row  position-left\"><div class=\"ctl-6 timeline-block-time\"><div class=\"story-time\"><p>F\u00e1ze 2<\/p><\/div><\/div><div class=\"timeline-block-icon\"><svg stroke=\"currentColor\" fill=\"currentColor\" stroke-width=\"0\" viewBox=\"0 0 512 512\" height=\"1em\" width=\"1em\" xmlns=\"http:\/\/www.w3.org\/2000\/svg\"><path d=\"M256 8C119 8 8 119 8 256s111 248 248 248 248-111 248-248S393 8 256 8z\"><\/path><\/svg><\/div><div class=\"ctl-6 timeline-block-detail\"><div class=\"story-details\"><div class=\"story-content\">\n<h3 class=\"wp-block-heading ctlb-block-title\" style=\"padding-top:0px;padding-right:0px;padding-bottom:0px;padding-left:0px\">Um\u011bleck\u00e1 online rezidence a \u017eiv\u00e1 vystoupen\u00ed<\/h3>\n\n\n\n<p class=\"ctlb-block-desc\" style=\"padding-top:0px;padding-right:0px;padding-bottom:0px;padding-left:0px\">T\u00fdm um\u011blc\u016f a tren\u00e9r se z\u00fa\u010dastn\u00ed n\u011bkolika um\u011bleck\u00fdch online rezidenc\u00ed s c\u00edlem vytvo\u0159it performativn\u00ed p\u0159edstaven\u00ed schopn\u00e9 zapojit lidi s r\u016fzn\u00fdmi typy posti\u017een\u00ed. P\u0159edstaven\u00ed bude uvedeno ve 4 \u017eiv\u00fdch vystoupen\u00edch. Akce tak\u00e9 umo\u017en\u00ed z\u00edskat zp\u011btnou vazbu od publika ohledn\u011b fungov\u00e1n\u00ed implementovan\u00fdch \u0159e\u0161en\u00ed a jejich z\u00e1\u017eitku z p\u0159edstaven\u00ed samotn\u00e9ho.<\/p>\n<\/div><\/div><\/div><\/div><\/div><\/div>\n\n\n\n<div class=\"wp-block-cp-timeline-content-timeline-child swiper-slide\"><div class=\"timeline-content icon-false \"><div class=\"timeline-block-timeline ctl-row  position-right\"><div class=\"ctl-6 timeline-block-time\"><div class=\"story-time\"><p>F\u00e1ze 3<\/p><\/div><\/div><div class=\"timeline-block-icon\"><svg stroke=\"currentColor\" fill=\"currentColor\" stroke-width=\"0\" viewBox=\"0 0 512 512\" height=\"1em\" width=\"1em\" xmlns=\"http:\/\/www.w3.org\/2000\/svg\"><path d=\"M256 8C119 8 8 119 8 256s111 248 248 248 248-111 248-248S393 8 256 8z\"><\/path><\/svg><\/div><div class=\"ctl-6 timeline-block-detail\"><div class=\"story-details\"><div class=\"story-content\">\n<h3 class=\"wp-block-heading ctlb-block-title\" style=\"padding-top:0px;padding-right:0px;padding-bottom:0px;padding-left:0px\">\u0160\u00ed\u0159en\u00ed<\/h3>\n\n\n\n<p class=\"ctlb-block-desc\" style=\"padding-top:0px;padding-right:0px;padding-bottom:0px;padding-left:0px\">Partne\u0159i vyhodnot\u00ed dopad a proveditelnost zaveden\u00fdch opat\u0159en\u00ed, sestav\u00ed seznam p\u0159ek\u00e1\u017eek, kter\u00e9 lze odstranit, a navrhnou \u0159e\u0161en\u00ed probl\u00e9m\u016f spojen\u00fdch s \u017eiv\u00fdmi akcemi. Seznam n\u00e1vrh\u016f bude \u0161\u00ed\u0159en prost\u0159ednictv\u00edm evropsk\u00e9 s\u00edt\u011b. Sledov\u00e1n\u00ed c\u00edl\u016f \u0161\u00ed\u0159en\u00ed uk\u00e1\u017ee anal\u00fdza dopadu fungov\u00e1n\u00ed zaveden\u00fdch postup\u016f a jejich opakovatelnosti na dal\u0161\u00edch p\u0159edstaven\u00edch. Z\u00e1v\u011bre\u010dn\u00e9 vyhodnocen\u00ed projektu umo\u017en\u00ed postprojektov\u00e9 \u0161\u00ed\u0159en\u00ed na v\u00edce m\u00edstech a mo\u017enost \u0159e\u0161en\u00ed p\u0159ek\u00e1\u017eek a probl\u00e9m\u016f p\u0159i vyu\u017e\u00edv\u00e1n\u00ed \u017eiv\u00fdch show, spojen\u00fdch s dal\u0161\u00edmi typy posti\u017een\u00ed.<\/p>\n<\/div><\/div><\/div><\/div><\/div><\/div>\n\n\n\n<div class=\"wp-block-cp-timeline-content-timeline-child swiper-slide\"><div class=\"timeline-content icon-false \"><div class=\"timeline-block-timeline ctl-row  position-left\"><div class=\"ctl-6 timeline-block-time\"><div class=\"story-time\"><p>F\u00e1ze 4<\/p><\/div><\/div><div class=\"timeline-block-icon\"><svg stroke=\"currentColor\" fill=\"currentColor\" stroke-width=\"0\" viewBox=\"0 0 512 512\" height=\"1em\" width=\"1em\" xmlns=\"http:\/\/www.w3.org\/2000\/svg\"><path d=\"M256 8C119 8 8 119 8 256s111 248 248 248 248-111 248-248S393 8 256 8z\"><\/path><\/svg><\/div><div class=\"ctl-6 timeline-block-detail\"><div class=\"story-details\"><div class=\"story-content\">\n<h3 class=\"wp-block-heading ctlb-block-title\" style=\"padding-top:0px;padding-right:0px;padding-bottom:0px;padding-left:0px\">Vytvo\u0159en\u00ed s\u00edt\u011b p\u0159\u00edstupnosti<\/h3>\n\n\n\n<p class=\"ctlb-block-desc\" style=\"padding-top:0px;padding-right:0px;padding-bottom:0px;padding-left:0px\">PASS je v\u00fdchoz\u00edm bodem, zp\u016fsobem, jak uk\u00e1zat, \u017ee je mo\u017en\u00e9 zapojit handicapovan\u00e9 um\u011blce do \u017eiv\u00e9ho p\u0159edstaven\u00ed, kter\u00e9 je skute\u010dn\u011b p\u0159\u00edstupn\u00e9 v\u0161em. Bezprost\u0159edn\u011b po prvn\u00edch v\u00fdsledc\u00edch studie a po shrom\u00e1\u017ed\u011bn\u00ed zp\u011btn\u00e9 vazby b\u011bhem \u017eiv\u00fdch akc\u00ed je z\u00e1m\u011brem vytvo\u0159it s\u00ed\u0165, kter\u00e1 by replikovala model p\u0159edstaven\u00ed vyvinut\u00fd b\u011bhem PASS.<\/p>\n<\/div><\/div><\/div><\/div><\/div><\/div>\n<\/div><\/div><\/div><\/div>\n","protected":false},"excerpt":{"rendered":"","protected":false},"author":1,"featured_media":0,"parent":0,"menu_order":0,"comment_status":"closed","ping_status":"closed","template":"","meta":{"_acf_changed":false,"footnotes":""},"class_list":["post-391","page","type-page","status-publish","hentry"],"acf":[],"yoast_head":"<!-- This site is optimized with the Yoast SEO plugin v27.3 - https:\/\/yoast.com\/product\/yoast-seo-wordpress\/ -->\n<title>Home | PASS - Promoting Accessible Shows<\/title>\n<meta name=\"description\" content=\"\u201dLet\u2019s PASS\u201d is a call to action, a call for a change of perspective, a counter-narrative of disabilities in the performing arts.\" \/>\n<meta name=\"robots\" content=\"index, follow, max-snippet:-1, max-image-preview:large, max-video-preview:-1\" \/>\n<link rel=\"canonical\" href=\"https:\/\/www.letspass.eu\/cs\/\" \/>\n<meta property=\"og:locale\" content=\"cs_CZ\" \/>\n<meta property=\"og:type\" content=\"article\" \/>\n<meta property=\"og:title\" content=\"Home | PASS - Promoting Accessible Shows\" \/>\n<meta property=\"og:description\" content=\"\u201dLet\u2019s PASS\u201d is a call to action, a call for a change of perspective, a counter-narrative of disabilities in the performing arts.\" \/>\n<meta property=\"og:url\" content=\"https:\/\/www.letspass.eu\/cs\/\" \/>\n<meta property=\"og:site_name\" content=\"PASS - Promoting Accessible Shows\" \/>\n<meta property=\"article:modified_time\" content=\"2024-10-09T17:15:59+00:00\" \/>\n<meta name=\"twitter:card\" content=\"summary_large_image\" \/>\n<meta name=\"twitter:label1\" content=\"Odhadovan\u00e1 doba \u010dten\u00ed\" \/>\n\t<meta name=\"twitter:data1\" content=\"2 minuty\" \/>\n<script type=\"application\/ld+json\" class=\"yoast-schema-graph\">{\"@context\":\"https:\\\/\\\/schema.org\",\"@graph\":[{\"@type\":\"WebPage\",\"@id\":\"https:\\\/\\\/www.letspass.eu\\\/cs\\\/\",\"url\":\"https:\\\/\\\/www.letspass.eu\\\/cs\\\/\",\"name\":\"Home | PASS - Promoting Accessible Shows\",\"isPartOf\":{\"@id\":\"https:\\\/\\\/www.letspass.eu\\\/#website\"},\"datePublished\":\"2024-05-13T09:28:39+00:00\",\"dateModified\":\"2024-10-09T17:15:59+00:00\",\"description\":\"\u201dLet\u2019s PASS\u201d is a call to action, a call for a change of perspective, a counter-narrative of disabilities in the performing arts.\",\"breadcrumb\":{\"@id\":\"https:\\\/\\\/www.letspass.eu\\\/cs\\\/#breadcrumb\"},\"inLanguage\":\"cs\",\"potentialAction\":[{\"@type\":\"ReadAction\",\"target\":[\"https:\\\/\\\/www.letspass.eu\\\/cs\\\/\"]}]},{\"@type\":\"BreadcrumbList\",\"@id\":\"https:\\\/\\\/www.letspass.eu\\\/cs\\\/#breadcrumb\",\"itemListElement\":[{\"@type\":\"ListItem\",\"position\":1,\"name\":\"Home\",\"item\":\"https:\\\/\\\/www.letspass.eu\\\/cs\\\/\"},{\"@type\":\"ListItem\",\"position\":2,\"name\":\"Home\"}]},{\"@type\":\"WebSite\",\"@id\":\"https:\\\/\\\/www.letspass.eu\\\/#website\",\"url\":\"https:\\\/\\\/www.letspass.eu\\\/\",\"name\":\"PASS - Promoting Accessible Shows\",\"description\":\"\",\"publisher\":{\"@id\":\"https:\\\/\\\/www.letspass.eu\\\/#organization\"},\"potentialAction\":[{\"@type\":\"SearchAction\",\"target\":{\"@type\":\"EntryPoint\",\"urlTemplate\":\"https:\\\/\\\/www.letspass.eu\\\/?s={search_term_string}\"},\"query-input\":{\"@type\":\"PropertyValueSpecification\",\"valueRequired\":true,\"valueName\":\"search_term_string\"}}],\"inLanguage\":\"cs\"},{\"@type\":\"Organization\",\"@id\":\"https:\\\/\\\/www.letspass.eu\\\/#organization\",\"name\":\"PASS - Promoting Accessible Shows\",\"url\":\"https:\\\/\\\/www.letspass.eu\\\/\",\"logo\":{\"@type\":\"ImageObject\",\"inLanguage\":\"cs\",\"@id\":\"https:\\\/\\\/www.letspass.eu\\\/#\\\/schema\\\/logo\\\/image\\\/\",\"url\":\"https:\\\/\\\/www.letspass.eu\\\/wp-content\\\/uploads\\\/2024\\\/05\\\/logo-pass.png\",\"contentUrl\":\"https:\\\/\\\/www.letspass.eu\\\/wp-content\\\/uploads\\\/2024\\\/05\\\/logo-pass.png\",\"width\":339,\"height\":109,\"caption\":\"PASS - Promoting Accessible Shows\"},\"image\":{\"@id\":\"https:\\\/\\\/www.letspass.eu\\\/#\\\/schema\\\/logo\\\/image\\\/\"}}]}<\/script>\n<!-- \/ Yoast SEO plugin. -->","yoast_head_json":{"title":"Home | PASS - Promoting Accessible Shows","description":"\u201dLet\u2019s PASS\u201d is a call to action, a call for a change of perspective, a counter-narrative of disabilities in the performing arts.","robots":{"index":"index","follow":"follow","max-snippet":"max-snippet:-1","max-image-preview":"max-image-preview:large","max-video-preview":"max-video-preview:-1"},"canonical":"https:\/\/www.letspass.eu\/cs\/","og_locale":"cs_CZ","og_type":"article","og_title":"Home | PASS - Promoting Accessible Shows","og_description":"\u201dLet\u2019s PASS\u201d is a call to action, a call for a change of perspective, a counter-narrative of disabilities in the performing arts.","og_url":"https:\/\/www.letspass.eu\/cs\/","og_site_name":"PASS - Promoting Accessible Shows","article_modified_time":"2024-10-09T17:15:59+00:00","twitter_card":"summary_large_image","twitter_misc":{"Odhadovan\u00e1 doba \u010dten\u00ed":"2 minuty"},"schema":{"@context":"https:\/\/schema.org","@graph":[{"@type":"WebPage","@id":"https:\/\/www.letspass.eu\/cs\/","url":"https:\/\/www.letspass.eu\/cs\/","name":"Home | PASS - Promoting Accessible Shows","isPartOf":{"@id":"https:\/\/www.letspass.eu\/#website"},"datePublished":"2024-05-13T09:28:39+00:00","dateModified":"2024-10-09T17:15:59+00:00","description":"\u201dLet\u2019s PASS\u201d is a call to action, a call for a change of perspective, a counter-narrative of disabilities in the performing arts.","breadcrumb":{"@id":"https:\/\/www.letspass.eu\/cs\/#breadcrumb"},"inLanguage":"cs","potentialAction":[{"@type":"ReadAction","target":["https:\/\/www.letspass.eu\/cs\/"]}]},{"@type":"BreadcrumbList","@id":"https:\/\/www.letspass.eu\/cs\/#breadcrumb","itemListElement":[{"@type":"ListItem","position":1,"name":"Home","item":"https:\/\/www.letspass.eu\/cs\/"},{"@type":"ListItem","position":2,"name":"Home"}]},{"@type":"WebSite","@id":"https:\/\/www.letspass.eu\/#website","url":"https:\/\/www.letspass.eu\/","name":"PASS - Promoting Accessible Shows","description":"","publisher":{"@id":"https:\/\/www.letspass.eu\/#organization"},"potentialAction":[{"@type":"SearchAction","target":{"@type":"EntryPoint","urlTemplate":"https:\/\/www.letspass.eu\/?s={search_term_string}"},"query-input":{"@type":"PropertyValueSpecification","valueRequired":true,"valueName":"search_term_string"}}],"inLanguage":"cs"},{"@type":"Organization","@id":"https:\/\/www.letspass.eu\/#organization","name":"PASS - Promoting Accessible Shows","url":"https:\/\/www.letspass.eu\/","logo":{"@type":"ImageObject","inLanguage":"cs","@id":"https:\/\/www.letspass.eu\/#\/schema\/logo\/image\/","url":"https:\/\/www.letspass.eu\/wp-content\/uploads\/2024\/05\/logo-pass.png","contentUrl":"https:\/\/www.letspass.eu\/wp-content\/uploads\/2024\/05\/logo-pass.png","width":339,"height":109,"caption":"PASS - Promoting Accessible Shows"},"image":{"@id":"https:\/\/www.letspass.eu\/#\/schema\/logo\/image\/"}}]}},"_links":{"self":[{"href":"https:\/\/www.letspass.eu\/cs\/wp-json\/wp\/v2\/pages\/391","targetHints":{"allow":["GET"]}}],"collection":[{"href":"https:\/\/www.letspass.eu\/cs\/wp-json\/wp\/v2\/pages"}],"about":[{"href":"https:\/\/www.letspass.eu\/cs\/wp-json\/wp\/v2\/types\/page"}],"author":[{"embeddable":true,"href":"https:\/\/www.letspass.eu\/cs\/wp-json\/wp\/v2\/users\/1"}],"replies":[{"embeddable":true,"href":"https:\/\/www.letspass.eu\/cs\/wp-json\/wp\/v2\/comments?post=391"}],"version-history":[{"count":4,"href":"https:\/\/www.letspass.eu\/cs\/wp-json\/wp\/v2\/pages\/391\/revisions"}],"predecessor-version":[{"id":895,"href":"https:\/\/www.letspass.eu\/cs\/wp-json\/wp\/v2\/pages\/391\/revisions\/895"}],"wp:attachment":[{"href":"https:\/\/www.letspass.eu\/cs\/wp-json\/wp\/v2\/media?parent=391"}],"curies":[{"name":"wp","href":"https:\/\/api.w.org\/{rel}","templated":true}]}}